{"id":338714,"date":"2022-08-23T11:08:03","date_gmt":"2022-08-23T09:08:03","guid":{"rendered":"https:\/\/www.prestar.cz\/?page_id=338714"},"modified":"2026-04-28T12:33:45","modified_gmt":"2026-04-28T10:33:45","slug":"careers","status":"publish","type":"page","link":"https:\/\/www.prestar.cz\/en\/kariera\/","title":{"rendered":"Career"},"content":{"rendered":"<p>[et_pb_section fb_built=&#8220;1&#8243; admin_label=&#8220;Section&#8220; _builder_version=&#8220;4.18.0&#8243; _module_preset=&#8220;default&#8220; use_background_color_gradient=&#8220;on&#8220; background_color_gradient_stops=&#8220;rgba(0,67,68,0.76) 0%|rgba(0,59,61,0.68) 100%&#8220; background_color_gradient_overlays_image=&#8220;on&#8220; background_image=&#8220;https:\/\/www.prestar.cz\/wp-content\/uploads\/2022\/08\/Prestar-ilustracni-52s-scaled.jpg&#8220; background_position=&#8220;center_right&#8220; da_disable_devices=&#8220;off|off|off&#8220; global_colors_info=&#8220;{}&#8220; da_is_popup=&#8220;off&#8220; da_exit_intent=&#8220;off&#8220; da_has_close=&#8220;on&#8220; da_alt_close=&#8220;off&#8220; da_dark_close=&#8220;off&#8220; da_not_modal=&#8220;on&#8220; da_is_singular=&#8220;off&#8220; da_with_loader=&#8220;off&#8220; da_has_shadow=&#8220;on&#8220;][et_pb_row column_structure=&#8220;1_2,1_2&#8243; _builder_version=&#8220;4.18.0&#8243; _module_preset=&#8220;default&#8220; width=&#8220;95%&#8220; custom_margin=&#8220;3%||3%||true|false&#8220; custom_padding=&#8220;|4%||4%|false|true&#8220; global_colors_info=&#8220;{}&#8220;][et_pb_column type=&#8220;1_2&#8243; _builder_version=&#8220;4.18.0&#8243; _module_preset=&#8220;default&#8220; global_colors_info=&#8220;{}&#8220;][et_pb_text _builder_version=&#8220;4.27.6&#8243; _module_preset=&#8220;default&#8220; text_text_color=&#8220;#FFFFFF&#8220; header_font=&#8220;|800|||||||&#8220; header_text_color=&#8220;#FFFFFF&#8220; header_font_size=&#8220;4vw&#8220; header_line_height=&#8220;1.5em&#8220; header_2_text_color=&#8220;#000000&#8243; header_2_font_size=&#8220;20px&#8220; header_2_line_height=&#8220;1.7em&#8220; max_width=&#8220;800px&#8220; custom_margin=&#8220;||0%||false|false&#8220; header_font_size_tablet=&#8220;60px&#8220; header_font_size_phone=&#8220;30px&#8220; header_font_size_last_edited=&#8220;on|phone&#8220; global_colors_info=&#8220;{}&#8220;]<\/p>\n<h1>Nastartujte svou kari\u00e9ru u n\u00e1s<\/h1>\n<p>Ve firm\u011b Prestar najdete smysluplnou pr\u00e1ci, skv\u011bl\u00fd kolektiv a mno\u017estv\u00ed benefit\u016f. Kontaktujte n\u00e1s je\u0161t\u011b dnes!<\/p>\n<p>[\/et_pb_text][et_pb_button button_url=&#8220;#pozice&#8220; button_text=&#8220;Voln\u00e9 pozice &#8220; button_alignment=&#8220;left&#8220; _builder_version=&#8220;4.18.0&#8243; _module_preset=&#8220;default&#8220; custom_button=&#8220;on&#8220; button_text_color=&#8220;#FFFFFF&#8220; button_bg_color=&#8220;RGBA(255,255,255,0)&#8220; button_border_width=&#8220;0px&#8220; button_border_color=&#8220;RGBA(255,255,255,0)&#8220; button_border_radius=&#8220;0px&#8220; button_letter_spacing=&#8220;3px&#8220; button_font=&#8220;||||||||&#8220; button_icon=&#8220;&#x22;||divi||400&#8243; button_icon_placement=&#8220;left&#8220; button_on_hover=&#8220;off&#8220; custom_margin=&#8220;8%||4%||false|false&#8220; global_colors_info=&#8220;{}&#8220; button_text_color__hover_enabled=&#8220;off|desktop&#8220; button_text_color__hover=&#8220;#FFFFFF&#8220; button_bg_color__hover_enabled=&#8220;off|desktop&#8220; button_bg_color__hover=&#8220;#008C9A&#8220; button_bg_enable_color__hover=&#8220;on&#8220; button_border_color__hover_enabled=&#8220;off|desktop&#8220; button_border_color__hover=&#8220;#008C9A&#8220; box_shadow_spread__hover_enabled=&#8220;on|hover&#8220; box_shadow_spread__hover=&#8220;-6px&#8220; button_letter_spacing__hover_enabled=&#8220;on|desktop&#8220; button_letter_spacing__hover=&#8220;4px&#8220;][\/et_pb_button][\/et_pb_column][et_pb_column type=&#8220;1_2&#8243; _builder_version=&#8220;4.18.0&#8243; _module_preset=&#8220;default&#8220; global_colors_info=&#8220;{}&#8220;][dipi_svg_animator src=&#8220;https:\/\/www.prestar.cz\/wp-content\/uploads\/2022\/08\/Kariera-cover.svg&#8220; svg_color=&#8220;#FFFFFF&#8220; anim_type=&#8220;oneByOne&#8220; anim_dur=&#8220;500&#8243; path_timing_func=&#8220;EASE_IN&#8220; anim_start=&#8220;inViewport&#8220; replay_on_click=&#8220;on&#8220; _builder_version=&#8220;4.18.0&#8243; _module_preset=&#8220;default&#8220; global_colors_info=&#8220;{}&#8220;][\/dipi_svg_animator][\/et_pb_column][\/et_pb_row][\/et_pb_section][et_pb_section fb_built=&#8220;1&#8243; custom_padding_last_edited=&#8220;on|desktop&#8220; admin_label=&#8220;Section&#8220; module_id=&#8220;pozice&#8220; _builder_version=&#8220;4.18.0&#8243; _module_preset=&#8220;default&#8220; background_color=&#8220;rgba(0,140,154,0.09)&#8220; custom_margin=&#8220;||||false|false&#8220; custom_padding=&#8220;0px|6%|3%|6%|false|true&#8220; custom_padding_tablet=&#8220;0px|6%|3%|6%|false|true&#8220; custom_padding_phone=&#8220;0px|0%|3%|0%|false|true&#8220; da_popup_slug=&#8220;pozice&#8220; da_disable_devices=&#8220;off|off|off&#8220; global_colors_info=&#8220;{}&#8220; da_is_popup=&#8220;off&#8220; da_exit_intent=&#8220;off&#8220; da_has_close=&#8220;on&#8220; da_alt_close=&#8220;off&#8220; da_dark_close=&#8220;off&#8220; da_not_modal=&#8220;on&#8220; da_is_singular=&#8220;off&#8220; da_with_loader=&#8220;off&#8220; da_has_shadow=&#8220;on&#8220;][et_pb_row _builder_version=&#8220;4.17.6&#8243; _module_preset=&#8220;default&#8220; width=&#8220;95%&#8220; custom_margin=&#8220;0px||||false|false&#8220; global_colors_info=&#8220;{}&#8220;][et_pb_column type=&#8220;4_4&#8243; _builder_version=&#8220;4.17.6&#8243; _module_preset=&#8220;default&#8220; custom_padding=&#8220;|5%||5%|false|true&#8220; global_colors_info=&#8220;{}&#8220;][et_pb_text _builder_version=&#8220;4.18.0&#8243; _module_preset=&#8220;default&#8220; header_font=&#8220;|800|||||||&#8220; header_text_color=&#8220;#005E68&#8243; header_font_size=&#8220;60px&#8220; header_line_height=&#8220;1.5em&#8220; header_2_text_color=&#8220;#000000&#8243; header_2_font_size=&#8220;20px&#8220; header_2_line_height=&#8220;1.7em&#8220; max_width=&#8220;800px&#8220; custom_margin=&#8220;||0%||false|false&#8220; header_font_size_tablet=&#8220;60px&#8220; header_font_size_phone=&#8220;30px&#8220; header_font_size_last_edited=&#8220;on|phone&#8220; global_colors_info=&#8220;{}&#8220;]<\/p>\n<h1>Otev\u0159en\u00e9 pozice<\/h1>\n<h2>Vyberte si z nab\u00edzen\u00fdch pozic tu, kter\u00e1 V\u00e1m nejl\u00e9pe sed\u00ed.\u00a0<\/h2>\n<p>[\/et_pb_text][\/et_pb_column][\/et_pb_row][et_pb_row column_structure=&#8220;1_4,1_4,1_4,1_4&#8243; _builder_version=&#8220;4.22.1&#8243; _module_preset=&#8220;default&#8220; background_color=&#8220;#FFFFFF&#8220; width=&#8220;100%&#8220; custom_margin=&#8220;||||false|false&#8220; custom_padding=&#8220;5%|5%||5%|false|true&#8220; border_radii=&#8220;off|30px|30px||&#8220; global_colors_info=&#8220;{}&#8220;][et_pb_column type=&#8220;1_4&#8243; _builder_version=&#8220;4.18.0&#8243; _module_preset=&#8220;default&#8220; global_colors_info=&#8220;{}&#8220;][et_pb_blurb title=&#8220;IT Specialista &#8220; module_class=&#8220;job-new&#8220; _builder_version=&#8220;4.27.6&#8243; _module_preset=&#8220;default&#8220; header_font=&#8220;|800|||||||&#8220; header_text_color=&#8220;#008C9A&#8220; header_font_size=&#8220;30px&#8220; header_line_height=&#8220;1.7em&#8220; custom_padding=&#8220;10%|10%|10%|10%|true|true&#8220; link_option_url=&#8220;#itadmin&#8220; hover_enabled=&#8220;0&#8243; custom_css_free_form=&#8220;.job-new h4::after {||  content: %22NEW%22;||  color: #e30613;||  border: 1px solid #e30613;||  font-size: 11px;||  padding: 2px 6px;||  margin-left: 8px;||  border-radius: 4px;||  font-weight: 800;||  letter-spacing: 0.5px;||  vertical-align: middle;||}&#8220; border_radii=&#8220;on|16px|16px|16px|16px&#8220; global_colors_info=&#8220;{}&#8220; box_shadow_spread__hover_enabled=&#8220;on|hover&#8220; box_shadow_spread__hover=&#8220;&#8220; background__hover_enabled=&#8220;on|hover&#8220; background_color__hover=&#8220;rgba(0,140,154,0.09)&#8220; background_enable_color__hover=&#8220;on&#8220; title_text=&#8220;IT Specialista2_prestar&#8220; image=&#8220;https:\/\/www.prestar.cz\/wp-content\/uploads\/2026\/04\/IT-Specialista2_prestar.png&#8220; sticky_enabled=&#8220;0&#8243;]<\/p>\n<p>Hled\u00e1me IT administr\u00e1tora, kter\u00fd zajist\u00ed ka\u017edodenn\u00ed chod IT a bude \u0159e\u0161it technick\u00e9 probl\u00e9my nap\u0159\u00ed\u010d firmou. Pozice je vhodn\u00e1 pro samostatn\u00e9ho \u010dlov\u011bka, kter\u00fd m\u00e1 r\u00e1d r\u016fznorodou pr\u00e1ci a nezalekne se operativy.<\/p>\n<p><strong>V\u00cdCE O POZICI\u00a0\u2192<\/strong><\/p>\n<p>[\/et_pb_blurb][et_pb_blurb title=&#8220;Posily do v\u00fdroby &#8220; image=&#8220;https:\/\/www.prestar.cz\/wp-content\/uploads\/2026\/04\/Vyroba_montaz.png&#8220; _builder_version=&#8220;4.27.6&#8243; _module_preset=&#8220;default&#8220; header_font=&#8220;|800|||||||&#8220; header_text_color=&#8220;#008C9A&#8220; header_font_size=&#8220;30px&#8220; header_line_height=&#8220;1.7em&#8220; custom_padding=&#8220;10%|10%|10%|10%|true|true&#8220; link_option_url=&#8220;#vyroba&#8220; hover_enabled=&#8220;0&#8243; border_radii=&#8220;on|16px|16px|16px|16px&#8220; global_colors_info=&#8220;{}&#8220; box_shadow_spread__hover_enabled=&#8220;on|hover&#8220; box_shadow_spread__hover=&#8220;&#8220; background__hover_enabled=&#8220;on|hover&#8220; background_color__hover=&#8220;rgba(0,140,154,0.09)&#8220; background_enable_color__hover=&#8220;on&#8220; title_text=&#8220;Vyroba_montaz&#8220; sticky_enabled=&#8220;0&#8243;]<\/p>\n<div class=\"col-lg-4 pb-4\">\n<div class=\"card\">\n<div class=\"card-body\">\n<div class=\"card-text wysiwyg\">\n<p>Nev\u00e1hejte a sta\u0148te se \u010dleny v\u00fdrobn\u00edho t\u00fdmu, kter\u00fd m\u00e1 budoucnost! Kdy zm\u011bnit pr\u00e1ci, nebo za\u010d\u00edt v nov\u00e9? Co t\u0159eba TE\u010e? Nastal \u010das na nov\u00e9 v\u00fdzvy! Hled\u00e1te stabiln\u00ed pr\u00e1ci? Ve firm\u011b, kter\u00e1 se neboj\u00ed krize a sv\u00fdch zam\u011bstnanc\u016f si v\u00e1\u017e\u00ed? Ne\u010dekejte na z\u00e1zrak a zm\u011b\u0148te svou budoucnost. Hled\u00e1me kompletn\u00ed posily do v\u00fdroby.<\/p>\n<p>&nbsp;<\/p>\n<\/div>\n<\/div>\n<\/div>\n<\/div>\n<p><strong>V\u00cdCE O POZICI\u00a0\u2192<\/strong><\/p>\n<p>[\/et_pb_blurb][\/et_pb_column][et_pb_column type=&#8220;1_4&#8243; _builder_version=&#8220;4.21.0&#8243; _module_preset=&#8220;default&#8220; global_colors_info=&#8220;{}&#8220;][et_pb_blurb title=&#8220;Senior IT Specialista &#8220; module_class=&#8220;job-new&#8220; _builder_version=&#8220;4.27.6&#8243; _module_preset=&#8220;default&#8220; header_font=&#8220;|800|||||||&#8220; header_text_color=&#8220;#008C9A&#8220; header_font_size=&#8220;30px&#8220; header_line_height=&#8220;1.7em&#8220; custom_padding=&#8220;10%|10%|10%|10%|true|true&#8220; link_option_url=&#8220;#itmanager&#8220; hover_enabled=&#8220;0&#8243; custom_css_free_form=&#8220;.job-new h4::after {||  content: %22NEW%22;||  color: #e30613;||  border: 1px solid #e30613;||  font-size: 11px;||  padding: 2px 6px;||  margin-left: 8px;||  border-radius: 4px;||  font-weight: 800;||  letter-spacing: 0.5px;||  vertical-align: middle;||}&#8220; border_radii=&#8220;on|16px|16px|16px|16px&#8220; global_colors_info=&#8220;{}&#8220; box_shadow_spread__hover_enabled=&#8220;on|hover&#8220; box_shadow_spread__hover=&#8220;&#8220; background__hover_enabled=&#8220;on|hover&#8220; background_color__hover=&#8220;rgba(0,140,154,0.09)&#8220; background_enable_color__hover=&#8220;on&#8220; title_text=&#8220;IT Specialista_prestar&#8220; image=&#8220;https:\/\/www.prestar.cz\/wp-content\/uploads\/2026\/04\/IT-Specialista_prestar.png&#8220; sticky_enabled=&#8220;0&#8243;]<\/p>\n<p>Hled\u00e1me seniorn\u00edho IT specialistu, kter\u00fd p\u0159evezme kompletn\u00ed spr\u00e1vu IT ve firm\u011b. Role kombinuje strategii, projekty i ka\u017edodenn\u00ed operativu. Nab\u00edz\u00edme stabiln\u00ed z\u00e1zem\u00ed, zku\u0161en\u00fd t\u00fdm a mo\u017enost kari\u00e9rn\u00edho r\u016fstu.<\/p>\n<p><strong>V\u00cdCE O POZICI\u00a0\u2192<\/strong><\/p>\n<p>[\/et_pb_blurb][et_pb_blurb title=&#8220;Konstrukt\u00e9r &#8220; image=&#8220;https:\/\/www.prestar.cz\/wp-content\/uploads\/2023\/05\/prestar@oldrichhrb-50-scaled.jpg&#8220; disabled_on=&#8220;on|on|on&#8220; _builder_version=&#8220;4.22.1&#8243; _module_preset=&#8220;default&#8220; header_font=&#8220;|800|||||||&#8220; header_text_color=&#8220;#008C9A&#8220; header_font_size=&#8220;30px&#8220; header_line_height=&#8220;1.7em&#8220; custom_padding=&#8220;10%|10%|10%|10%|true|true&#8220; link_option_url=&#8220;#konstrukter&#8220; border_radii=&#8220;on|16px|16px|16px|16px&#8220; disabled=&#8220;on&#8220; global_colors_info=&#8220;{}&#8220; box_shadow_spread__hover_enabled=&#8220;on|hover&#8220; box_shadow_spread__hover=&#8220;&#8220; background__hover_enabled=&#8220;on|hover&#8220; background_color__hover=&#8220;rgba(0,140,154,0.09)&#8220; background_enable_color__hover=&#8220;on&#8220;]<\/p>\n<p>Taky sn\u00edte o tom, \u017ee po V\u00e1s n\u011bco z\u016fstane?<span>\u00a0Jako konstrukt\u00e9r\/ka k tomu m\u00e1te skv\u011bl\u00e9 p\u0159edpoklady, ale pot\u0159ebujete zam\u011bstnavatele, kter\u00fd V\u00e1m s t\u00edm pom\u016f\u017ee. Firma Prestar je na trhu p\u0159es 30 let, py\u0161n\u00ed se produkty t\u00e9 nejvy\u0161\u0161\u00ed kvality a je pova\u017eov\u00e1na za synonymum opavsk\u00e9ho stroj\u00edrenstv\u00ed.<\/span><\/p>\n<p><strong>V\u00cdCE O POZICI\u00a0\u2192<\/strong><\/p>\n<p>[\/et_pb_blurb][\/et_pb_column][et_pb_column type=&#8220;1_4&#8243; _builder_version=&#8220;4.18.0&#8243; _module_preset=&#8220;default&#8220; global_colors_info=&#8220;{}&#8220;][et_pb_blurb title=&#8220;PLC program\u00e1tor&#8220; image=&#8220;https:\/\/www.prestar.cz\/wp-content\/uploads\/2022\/09\/prestar@oldrichhrb-19-scaled.jpg&#8220; _builder_version=&#8220;4.27.6&#8243; _module_preset=&#8220;default&#8220; header_font=&#8220;|800|||||||&#8220; header_text_color=&#8220;#008C9A&#8220; header_font_size=&#8220;30px&#8220; header_line_height=&#8220;1.7em&#8220; custom_padding=&#8220;10%|10%|10%|10%|true|true&#8220; link_option_url=&#8220;#plc&#8220; border_radii=&#8220;on|16px|16px|16px|16px&#8220; global_colors_info=&#8220;{}&#8220; box_shadow_spread__hover_enabled=&#8220;on|hover&#8220; box_shadow_spread__hover=&#8220;&#8220; background__hover_enabled=&#8220;on|hover&#8220; background_color__hover=&#8220;rgba(0,140,154,0.09)&#8220; background_enable_color__hover=&#8220;on&#8220;]<\/p>\n<p>Jedine\u010dn\u00e1 pozice, kter\u00e1 nen\u00ed pro ka\u017ed\u00e9ho!<br \/>Nab\u00edz\u00edme pr\u00e1ci na jedine\u010dn\u00fdch za\u0159\u00edzen\u00edch \u010desk\u00e9 firmy skrz modern\u00ed technologie. M\u011bn\u00edme provozy po cel\u00e9 Evrop\u011b a hled\u00e1me \u010dlov\u011bka, kter\u00fd\/\u00e1 na\u0161e stroje bude pom\u00e1hat uv\u00e1d\u011bt do provozu. Nab\u00edz\u00edme stabiln\u00ed z\u00e1zem\u00ed, zku\u0161en\u00fd t\u00fdm a mo\u017enost kari\u00e9rn\u00edho r\u016fstu.<\/p>\n<p><strong>V\u00cdCE O POZICI\u00a0\u2192<\/strong><\/p>\n<p>[\/et_pb_blurb][\/et_pb_column][et_pb_column type=&#8220;1_4&#8243; _builder_version=&#8220;4.18.0&#8243; _module_preset=&#8220;default&#8220; global_colors_info=&#8220;{}&#8220;][et_pb_blurb title=&#8220;Elektrik\u00e1\u0159&#8220; image=&#8220;https:\/\/www.prestar.cz\/wp-content\/uploads\/2022\/09\/prestar@oldrichhrb-11-scaled.jpg&#8220; _builder_version=&#8220;4.18.0&#8243; _module_preset=&#8220;default&#8220; header_font=&#8220;|800|||||||&#8220; header_text_color=&#8220;#008C9A&#8220; header_font_size=&#8220;30px&#8220; header_line_height=&#8220;1.7em&#8220; custom_padding=&#8220;10%|10%|10%|10%|true|true&#8220; link_option_url=&#8220;#elektrikar&#8220; border_radii=&#8220;on|16px|16px|16px|16px&#8220; global_colors_info=&#8220;{}&#8220; box_shadow_spread__hover_enabled=&#8220;on|hover&#8220; box_shadow_spread__hover=&#8220;&#8220; background__hover_enabled=&#8220;on|hover&#8220; background_color__hover=&#8220;rgba(0,140,154,0.09)&#8220; background_enable_color__hover=&#8220;on&#8220;]<\/p>\n<p>Bav\u00ed V\u00e1s elektrika\u0159ina? Hled\u00e1te pr\u00e1ci, kde uplatn\u00edte sv\u016fj potenci\u00e1l. Na\u0161e za\u0159\u00edzen\u00ed nejsou jednoduch\u00e1, ale pokud s nimi zvl\u00e1dnete pracovat, garantujeme V\u00e1m, \u017ee v oblasti elektrika\u0159iny zvl\u00e1dnete cokoli.<\/p>\n<p><strong>V\u00cdCE O POZICI\u00a0\u2192<\/strong><\/p>\n<p>[\/et_pb_blurb][\/et_pb_column][\/et_pb_row][\/et_pb_section][et_pb_section fb_built=&#8220;1&#8243; inner_shadow=&#8220;on&#8220; admin_label=&#8220;Popup &#8211; #plc&#8220; module_id=&#8220;plc&#8220; module_class=&#8220;popup&#8220; _builder_version=&#8220;4.18.0&#8243; _module_preset=&#8220;default&#8220; background_color=&#8220;rgba(255,255,255,0.91)&#8220; max_width=&#8220;1300px&#8220; custom_margin=&#8220;||||false|false&#8220; custom_padding=&#8220;0px||0px||false|false&#8220; da_is_popup=&#8220;on&#8220; da_popup_slug=&#8220;plc&#8220; da_disable_devices=&#8220;off|off|off&#8220; border_radii=&#8220;on|30px|30px|30px|30px&#8220; box_shadow_style=&#8220;preset6&#8243; box_shadow_spread=&#8220;-80px&#8220; global_colors_info=&#8220;{}&#8220; da_exit_intent=&#8220;off&#8220; da_has_close=&#8220;on&#8220; da_alt_close=&#8220;off&#8220; da_dark_close=&#8220;off&#8220; da_not_modal=&#8220;on&#8220; da_is_singular=&#8220;off&#8220; da_with_loader=&#8220;off&#8220; da_has_shadow=&#8220;on&#8220;][et_pb_row column_structure=&#8220;2_5,3_5&#8243; use_custom_gutter=&#8220;on&#8220; gutter_width=&#8220;1&#8243; _builder_version=&#8220;4.22.1&#8243; _module_preset=&#8220;default&#8220; width=&#8220;100%&#8220; max_width=&#8220;1300px&#8220; custom_margin=&#8220;0px||0px||false|false&#8220; global_colors_info=&#8220;{}&#8220;][et_pb_column type=&#8220;2_5&#8243; _builder_version=&#8220;4.18.0&#8243; _module_preset=&#8220;default&#8220; background_color=&#8220;RGBA(255,255,255,0)&#8220; custom_padding=&#8220;5%|5%|5%|5%|true|true&#8220; sticky_position=&#8220;top&#8220; sticky_limit_bottom=&#8220;row&#8220; global_colors_info=&#8220;{}&#8220;][et_pb_text _builder_version=&#8220;4.18.0&#8243; _module_preset=&#8220;default&#8220; header_font=&#8220;|800|||||||&#8220; header_text_color=&#8220;#008C9A&#8220; header_font_size=&#8220;2vw&#8220; header_3_text_color=&#8220;#008C9A&#8220; global_colors_info=&#8220;{}&#8220;]<\/p>\n<h3>Voln\u00e1 pozice<\/h3>\n<h1>PLC Program\u00e1tor<\/h1>\n<p>[\/et_pb_text][et_pb_text disabled_on=&#8220;on|on|on&#8220; _builder_version=&#8220;4.22.1&#8243; _module_preset=&#8220;default&#8220; custom_margin=&#8220;5%||5%||true|false&#8220; disabled=&#8220;on&#8220; global_colors_info=&#8220;{}&#8220;]<\/p>\n<p>Pot\u0159ebuje\u0161 v\u011bd\u011bt v\u00edce o nab\u00edzen\u00ed pozici?<\/p>\n<p>[\/et_pb_text][et_pb_team_member name=&#8220;kariera@prestar.cz&#8220; disabled_on=&#8220;on|on|on&#8220; _builder_version=&#8220;4.22.1&#8243; _module_preset=&#8220;default&#8220; header_font=&#8220;|800|||||||&#8220; header_text_color=&#8220;#008C9A&#8220; header_font_size=&#8220;20px&#8220; header_line_height=&#8220;1.7em&#8220; position_line_height=&#8220;1.9em&#8220; custom_margin=&#8220;0px||||false|false&#8220; custom_padding=&#8220;0px||||false|false&#8220; border_color_right_image=&#8220;RGBA(255,255,255,0)&#8220; border_color_bottom_image=&#8220;RGBA(255,255,255,0)&#8220; border_color_left_image=&#8220;RGBA(255,255,255,0)&#8220; disabled=&#8220;on&#8220; global_colors_info=&#8220;{}&#8220;]<\/p>\n<p>&nbsp;<\/p>\n<p>&nbsp;<\/p>\n<p>[\/et_pb_team_member][\/et_pb_column][et_pb_column type=&#8220;3_5&#8243; _builder_version=&#8220;4.18.0&#8243; _module_preset=&#8220;default&#8220; background_color=&#8220;RGBA(255,255,255,0)&#8220; custom_padding=&#8220;5%|5%|5%|5%|true|true&#8220; global_colors_info=&#8220;{}&#8220;][et_pb_text _builder_version=&#8220;4.19.4&#8243; _module_preset=&#8220;default&#8220; header_2_font=&#8220;|800|||||||&#8220; header_2_text_color=&#8220;#008C9A&#8220; header_2_font_size=&#8220;30px&#8220; header_2_line_height=&#8220;1.7em&#8220; custom_padding=&#8220;|5%||5%|false|true&#8220; global_colors_info=&#8220;{}&#8220;]<\/p>\n<h2>Na jakou pr\u00e1ci se m\u016f\u017eete t\u011b\u0161it?<\/h2>\n<ul>\n<li><strong>uv\u00e1d\u011bn\u00ed unik\u00e1tn\u00edch stroj\u016f do ostr\u00e9ho provozu<\/strong><\/li>\n<li>u\u010den\u00ed se nov\u00fdm v\u011bcem<\/li>\n<li>tvorbu nov\u00fdch postup\u016f<\/li>\n<li><strong>zaji\u0161\u0165ov\u00e1n\u00ed technick\u00fdch zm\u011bn<\/strong><\/li>\n<li>nov\u00e9 znalosti a dovednosti s obrovskou p\u0159idanou hodnotou<\/li>\n<\/ul>\n<h2>Jak tuto pr\u00e1ci z\u00edsk\u00e1te?<\/h2>\n<ul>\n<li><strong>orientujete se v programov\u00e1n\u00ed plc Siemens S7, LOGO<\/strong><\/li>\n<li>um\u00edte tvo\u0159it vizualizace v Tia-WinCC<\/li>\n<li><strong>zn\u00e1te frekven\u010dn\u00ed m\u011bni\u010de Sinamics<\/strong><\/li>\n<li><strong>jste majitelem\/majitelkou vyhl\u00e1\u0161ky \u010d. 50\/1978 Sb.<\/strong><\/li>\n<li>orientujete se v elektrotechnick\u00fdch sch\u00e9matech<\/li>\n<li>dal\u0161\u00ed vzd\u011bl\u00e1n\u00ed je pro V\u00e1s v\u00fdzva<\/li>\n<li>jste aktivn\u00edm \u0159idi\u010dem<\/li>\n<li>m\u00e1te znalost AJ minim\u00e1ln\u011b na \u00farovni \u010dten\u00ed technick\u00e9 dokumentace<\/li>\n<\/ul>\n<h2>Co V\u00e1m k t\u00e9to pozici m\u016f\u017ee pomoc?<\/h2>\n<ul>\n<li>m\u00e1te zku\u0161enosti s programov\u00e1n\u00edm pr\u016fmyslov\u00fdch robot\u016f (Kuka,ABB,Fanuc)<\/li>\n<li>orientujete se v datab\u00e1z\u00edch SQL<\/li>\n<li><strong>m\u00e1te znalosti vy\u0161\u0161\u00edch programovac\u00edch jazyk\u016f C++,C#<\/strong><\/li>\n<li>u\u010d\u00edte se r\u00e1d\/a nov\u00e9 v\u011bci<\/li>\n<li>jste samostatn\u00e1\/\u00fd a porad\u00edte si rychle<\/li>\n<li>p\u0159i p\u0159\u00edpadn\u00e9m probl\u00e9mu se zam\u011b\u0159ujete na jeho \u0159e\u0161en\u00ed<\/li>\n<li>jste schopn\u00fd samostatn\u011b jednat v anglick\u00e9m \u010di rusk\u00e9m jazyce<\/li>\n<\/ul>\n<h2>Co V\u00e1m Prestar nab\u00edz\u00ed?<\/h2>\n<ul>\n<li>r\u016fznorodou pr\u00e1ci pro firmu, kter\u00e1 m\u00e1 respekt k inovac\u00edm<\/li>\n<li><strong>motiva\u010dn\u00ed p\u0159\u00edjem<\/strong><span>\u00a0<\/span>a mo\u017enost kariern\u00edho r\u016fstu<\/li>\n<li><strong>25 dn\u00ed dovolen\u00e9, firemn\u00ed akce, \u0161kolen\u00ed a dal\u0161\u00ed zaj\u00edmav\u00e9 benefity<\/strong><\/li>\n<li>kolektiv skv\u011bl\u00fdch lid\u00ed, vst\u0159\u00edcn\u00e9 a f\u00e9rov\u00e9 jedn\u00e1n\u00ed<\/li>\n<li>mo\u017enost sd\u00edlet sv\u00e9 zku\u0161enosti a n\u00e1pady s dal\u0161\u00edmi kolegy<\/li>\n<\/ul>\n<h2>A co pen\u00edze?<\/h2>\n<ul>\n<li>jsou d\u016fle\u017eit\u00e9 a my si to uv\u011bdomujeme<\/li>\n<li>tv\u00e1 po\u010d\u00e1te\u010dn\u00ed mzda (<strong>podle zku\u0161enost\u00ed<\/strong>) se bude pohybovat od<span>\u00a0<\/span><strong>40 000 \u2013 55 000,- K\u010d<\/strong><\/li>\n<li><strong>Chce\u0161 v\u00edc? P\u0159esv\u011bd\u010d n\u00e1s, \u017ee na to m\u00e1\u0161!<\/strong><\/li>\n<\/ul>\n<p>[\/et_pb_text][et_pb_text _builder_version=&#8220;4.18.0&#8243; _module_preset=&#8220;default&#8220; header_2_font=&#8220;|800|||||||&#8220; header_2_text_color=&#8220;#008C9A&#8220; header_2_line_height=&#8220;1.7em&#8220; header_3_font=&#8220;|800|||||||&#8220; header_3_text_color=&#8220;#008C9A&#8220; header_3_line_height=&#8220;1.9em&#8220; background_color=&#8220;rgba(0,140,154,0.09)&#8220; custom_margin=&#8220;10%||||false|false&#8220; custom_padding=&#8220;5%|5%|5%|5%|true|true&#8220; border_radii=&#8220;on|15px|15px|15px|15px&#8220; global_colors_info=&#8220;{}&#8220;]<\/p>\n<h2>Je to pr\u00e1ce, kter\u00e1 se V\u00e1m l\u00edb\u00ed?<\/h2>\n<p>M\u016f\u017ee to b\u00fdt mal\u00fd klik pro \u010dlov\u011bka, ale velk\u00fd skok pro va\u0161i kari\u00e9ru.<br \/>Tak nezapome\u0148te napsat p\u00e1r slov o sob\u011b a hlavn\u011b p\u0159ipojit va\u0161e CV.<\/p>\n<p>Napi\u0161te n\u00e1m.<\/p>\n<p>&nbsp;<\/p>\n<h3><a href=\"mailto:kariera@prestar.cz\">kariera@prestar.cz<\/a><\/h3>\n<ul><\/ul>\n<p>[\/et_pb_text][\/et_pb_column][\/et_pb_row][\/et_pb_section][et_pb_section fb_built=&#8220;1&#8243; inner_shadow=&#8220;on&#8220; admin_label=&#8220;Popup &#8211; #konstrukter&#8220; module_id=&#8220;konstrukter&#8220; module_class=&#8220;popup&#8220; _builder_version=&#8220;4.21.0&#8243; _module_preset=&#8220;default&#8220; background_color=&#8220;rgba(255,255,255,0.91)&#8220; max_width=&#8220;1300px&#8220; custom_margin=&#8220;||||false|false&#8220; custom_padding=&#8220;0px||0px||false|false&#8220; da_is_popup=&#8220;on&#8220; da_popup_slug=&#8220;konstrukter&#8220; da_disable_devices=&#8220;off|off|off&#8220; border_radii=&#8220;on|30px|30px|30px|30px&#8220; box_shadow_style=&#8220;preset6&#8243; box_shadow_spread=&#8220;-80px&#8220; global_colors_info=&#8220;{}&#8220; da_exit_intent=&#8220;off&#8220; da_has_close=&#8220;on&#8220; da_alt_close=&#8220;off&#8220; da_dark_close=&#8220;off&#8220; da_not_modal=&#8220;on&#8220; da_is_singular=&#8220;off&#8220; da_with_loader=&#8220;off&#8220; da_has_shadow=&#8220;on&#8220;][et_pb_row column_structure=&#8220;2_5,3_5&#8243; use_custom_gutter=&#8220;on&#8220; gutter_width=&#8220;1&#8243; _builder_version=&#8220;4.18.0&#8243; _module_preset=&#8220;default&#8220; width=&#8220;100%&#8220; max_width=&#8220;1300px&#8220; custom_margin=&#8220;0px||0px||false|false&#8220; global_colors_info=&#8220;{}&#8220;][et_pb_column type=&#8220;2_5&#8243; _builder_version=&#8220;4.18.0&#8243; _module_preset=&#8220;default&#8220; background_color=&#8220;RGBA(255,255,255,0)&#8220; custom_padding=&#8220;5%|5%|5%|5%|true|true&#8220; sticky_position=&#8220;top&#8220; sticky_limit_bottom=&#8220;row&#8220; global_colors_info=&#8220;{}&#8220;][et_pb_text _builder_version=&#8220;4.18.0&#8243; _module_preset=&#8220;default&#8220; header_font=&#8220;|800|||||||&#8220; header_text_color=&#8220;#008C9A&#8220; header_font_size=&#8220;2vw&#8220; header_3_text_color=&#8220;#008C9A&#8220; global_colors_info=&#8220;{}&#8220;]<\/p>\n<h3>Voln\u00e1 pozice<\/h3>\n<h1>Konstrukt\u00e9r<\/h1>\n<p>[\/et_pb_text][et_pb_text disabled_on=&#8220;on|on|on&#8220; _builder_version=&#8220;4.22.1&#8243; _module_preset=&#8220;default&#8220; custom_margin=&#8220;5%||5%||true|false&#8220; disabled=&#8220;on&#8220; global_colors_info=&#8220;{}&#8220;]<\/p>\n<p>Pot\u0159ebuje\u0161 v\u011bd\u011bt v\u00edce o nab\u00edzen\u00ed pozici?<\/p>\n<p>[\/et_pb_text][et_pb_image src=&#8220;https:\/\/www.prestar.cz\/wp-content\/uploads\/2022\/08\/Aneta-Machova.png&#8220; title_text=&#8220;Aneta Machov\u00e1&#8220; disabled_on=&#8220;on|on|on&#8220; _builder_version=&#8220;4.22.1&#8243; _module_preset=&#8220;default&#8220; max_width=&#8220;100px&#8220; disabled=&#8220;on&#8220; global_colors_info=&#8220;{}&#8220;][\/et_pb_image][et_pb_team_member name=&#8220;Aneta Machov\u00e1 &#8220; position=&#8220;HR\/Marketing Specialist at Prestar&#8220; twitter_url=&#8220;https:\/\/mobile.twitter.com\/anetamachova&#8220; linkedin_url=&#8220;https:\/\/cz.linkedin.com\/in\/aneta-machov%C3%A1?trk=pulse-article_main-author-card&#8220; disabled_on=&#8220;on|on|on&#8220; _builder_version=&#8220;4.22.1&#8243; _module_preset=&#8220;default&#8220; header_font=&#8220;|800|||||||&#8220; header_text_color=&#8220;#008C9A&#8220; header_font_size=&#8220;20px&#8220; header_line_height=&#8220;1.7em&#8220; position_line_height=&#8220;1.9em&#8220; custom_margin=&#8220;0px||||false|false&#8220; custom_padding=&#8220;0px||||false|false&#8220; border_color_right_image=&#8220;RGBA(255,255,255,0)&#8220; border_color_bottom_image=&#8220;RGBA(255,255,255,0)&#8220; border_color_left_image=&#8220;RGBA(255,255,255,0)&#8220; disabled=&#8220;on&#8220; global_colors_info=&#8220;{}&#8220;]<\/p>\n<p>&nbsp;<\/p>\n<p><a href=\"mailto:a.machova@prestar.cz\">a.machova@prestar.cz<\/a><\/p>\n<p>+420 721 253 999<\/p>\n<p>[\/et_pb_team_member][\/et_pb_column][et_pb_column type=&#8220;3_5&#8243; _builder_version=&#8220;4.18.0&#8243; _module_preset=&#8220;default&#8220; background_color=&#8220;RGBA(255,255,255,0)&#8220; custom_padding=&#8220;5%|5%|5%|5%|true|true&#8220; global_colors_info=&#8220;{}&#8220;][et_pb_text _builder_version=&#8220;4.27.6&#8243; _module_preset=&#8220;default&#8220; header_2_font=&#8220;|800|||||||&#8220; header_2_text_color=&#8220;#008C9A&#8220; header_2_font_size=&#8220;30px&#8220; header_2_line_height=&#8220;1.7em&#8220; custom_padding=&#8220;|5%||5%|false|true&#8220; global_colors_info=&#8220;{}&#8220;]<\/p>\n<h2>Na jakou pr\u00e1ci se m\u016f\u017eete t\u011b\u0161it?<\/h2>\n<ul>\n<li>navrhov\u00e1n\u00ed strojn\u00edch \u0159e\u0161en\u00ed se zam\u011b\u0159en\u00edm na manipula\u010dn\u00ed techniku<\/li>\n<li>u\u010den\u00ed se nov\u00fdm v\u011bcem<\/li>\n<li>zaji\u0161\u0165ov\u00e1n\u00ed technick\u00fdch zm\u011bn<\/li>\n<li>nov\u00e9 znalosti a dovednosti s obrovskou p\u0159idanou hodnotou<\/li>\n<\/ul>\n<h2>Jak tuto pr\u00e1ci z\u00edsk\u00e1te?<\/h2>\n<ul>\n<li><strong>orientujete se v n\u00e1vrhu strojn\u00edch za\u0159\u00edzen\u00ed<\/strong><\/li>\n<li><strong>m\u00e1te praxi ve stroj\u00edrenstv\u00ed<\/strong><\/li>\n<li>um\u00edte pracovat v 3D CAD programech<\/li>\n<\/ul>\n<h2>Co V\u00e1m k t\u00e9to pozici m\u016f\u017ee pomoc?<\/h2>\n<ul>\n<li>V\u0160 strojn\u00edho zam\u011b\u0159en\u00ed<\/li>\n<li>zku\u0161enosti s kreslen\u00edm manipula\u010dn\u00edch za\u0159\u00edzen\u00ed<\/li>\n<li>znalost pr\u00e1ce v AutoCAD a SOLIDWORKS<\/li>\n<li>u\u010d\u00edte se r\u00e1d\/a nov\u00e9 v\u011bci<\/li>\n<li>jste samostatn\u00e1\/\u00fd a porad\u00edte si rychle<\/li>\n<li>p\u0159i p\u0159\u00edpadn\u00e9m probl\u00e9mu se zam\u011b\u0159ujete na jeho \u0159e\u0161en\u00ed<\/li>\n<\/ul>\n<h2>Co V\u00e1m Prestar nab\u00edz\u00ed?<\/h2>\n<ul>\n<li>r\u016fznorodou pr\u00e1ci pro firmu, kter\u00e1 m\u00e1 respekt k z\u00e1kazn\u00edkovi a inovac\u00edm<\/li>\n<li><strong>motiva\u010dn\u00ed p\u0159\u00edjem<\/strong><span>\u00a0<\/span>a mo\u017enost kariern\u00edho r\u016fstu<\/li>\n<li><strong>25 dn\u00ed dovolen\u00e9, firemn\u00ed akce, \u0161kolen\u00ed a dal\u0161\u00ed zaj\u00edmav\u00e9 benefity<\/strong><\/li>\n<li>kolektiv skv\u011bl\u00fdch lid\u00ed, vst\u0159\u00edcn\u00e9 a f\u00e9rov\u00e9 jedn\u00e1n\u00ed<\/li>\n<li>mo\u017enost sd\u00edlet sv\u00e9 zku\u0161enosti a n\u00e1pady s dal\u0161\u00edmi kolegy<\/li>\n<\/ul>\n<h2>A co pen\u00edze?<\/h2>\n<ul>\n<li>ano jsou d\u016fle\u017eit\u00e9 a my si to uv\u011bdomujeme<\/li>\n<li>Jste zku\u0161en\u00e1\/\u00fd, pov\u011bst V\u00e1s p\u0159edch\u00e1z\u00ed a pracujete samostatn\u011b? V tom p\u0159\u00edpad\u011b, to m\u016f\u017ee b\u00fdt klidn\u011b v\u00edc, ne\u017e je uvedeno.<\/li>\n<li><strong>startovn\u00ed \u010d\u00e1stka k diskusi se pohybuje od 35 000 do 45 000,- K\u010d<\/strong><\/li>\n<\/ul>\n<p>[\/et_pb_text][et_pb_text _builder_version=&#8220;4.27.6&#8243; _module_preset=&#8220;default&#8220; header_2_font=&#8220;|800|||||||&#8220; header_2_text_color=&#8220;#008C9A&#8220; header_2_line_height=&#8220;1.7em&#8220; header_3_font=&#8220;|800|||||||&#8220; header_3_text_color=&#8220;#008C9A&#8220; header_3_line_height=&#8220;1.9em&#8220; background_color=&#8220;rgba(0,140,154,0.09)&#8220; custom_margin=&#8220;10%||||false|false&#8220; custom_padding=&#8220;5%|5%|5%|5%|true|true&#8220; border_radii=&#8220;on|15px|15px|15px|15px&#8220; global_colors_info=&#8220;{}&#8220;]<\/p>\n<h2>Je to pr\u00e1ce, kter\u00e1 se V\u00e1m l\u00edb\u00ed?<\/h2>\n<p>M\u016f\u017ee to b\u00fdt mal\u00fd klik pro \u010dlov\u011bka, ale velk\u00fd skok pro va\u0161i kari\u00e9ru.<br \/>Tak nezapome\u0148te napsat p\u00e1r slov o sob\u011b a hlavn\u011b p\u0159ipojit va\u0161e CV.<\/p>\n<p>Napi\u0161te n\u00e1m.<\/p>\n<p>&nbsp;<\/p>\n<h3><a href=\"mailto:kariera@prestar.cz\">kariera@prestar.cz<\/a><\/h3>\n<ul><\/ul>\n<p>[\/et_pb_text][\/et_pb_column][\/et_pb_row][\/et_pb_section][et_pb_section fb_built=&#8220;1&#8243; inner_shadow=&#8220;on&#8220; admin_label=&#8220;Popup &#8211; #vyroba&#8220; module_id=&#8220;vyroba&#8220; module_class=&#8220;popup&#8220; _builder_version=&#8220;4.18.0&#8243; _module_preset=&#8220;default&#8220; background_color=&#8220;rgba(255,255,255,0.91)&#8220; max_width=&#8220;1300px&#8220; custom_margin=&#8220;||||false|false&#8220; custom_padding=&#8220;0px||0px||false|false&#8220; da_is_popup=&#8220;on&#8220; da_popup_slug=&#8220;vyroba&#8220; da_disable_devices=&#8220;off|off|off&#8220; border_radii=&#8220;on|30px|30px|30px|30px&#8220; box_shadow_style=&#8220;preset6&#8243; box_shadow_spread=&#8220;-80px&#8220; global_colors_info=&#8220;{}&#8220; da_exit_intent=&#8220;off&#8220; da_has_close=&#8220;on&#8220; da_alt_close=&#8220;off&#8220; da_dark_close=&#8220;off&#8220; da_not_modal=&#8220;on&#8220; da_is_singular=&#8220;off&#8220; da_with_loader=&#8220;off&#8220; da_has_shadow=&#8220;on&#8220;][et_pb_row column_structure=&#8220;2_5,3_5&#8243; use_custom_gutter=&#8220;on&#8220; gutter_width=&#8220;1&#8243; _builder_version=&#8220;4.18.0&#8243; _module_preset=&#8220;default&#8220; width=&#8220;100%&#8220; max_width=&#8220;1300px&#8220; custom_margin=&#8220;0px||0px||false|false&#8220; global_colors_info=&#8220;{}&#8220;][et_pb_column type=&#8220;2_5&#8243; _builder_version=&#8220;4.18.0&#8243; _module_preset=&#8220;default&#8220; background_color=&#8220;RGBA(255,255,255,0)&#8220; custom_padding=&#8220;5%|5%|5%|5%|true|true&#8220; sticky_position=&#8220;top&#8220; sticky_limit_bottom=&#8220;row&#8220; global_colors_info=&#8220;{}&#8220;][et_pb_text _builder_version=&#8220;4.18.0&#8243; _module_preset=&#8220;default&#8220; header_font=&#8220;|800|||||||&#8220; header_text_color=&#8220;#008C9A&#8220; header_font_size=&#8220;2vw&#8220; header_3_text_color=&#8220;#008C9A&#8220; global_colors_info=&#8220;{}&#8220;]<\/p>\n<h3>Voln\u00e1 pozice<\/h3>\n<h1>Pracovn\u00edk ve v\u00fdrob\u011b<\/h1>\n<p>[\/et_pb_text][et_pb_text disabled_on=&#8220;on|on|on&#8220; _builder_version=&#8220;4.22.1&#8243; _module_preset=&#8220;default&#8220; custom_margin=&#8220;5%||5%||true|false&#8220; disabled=&#8220;on&#8220; global_colors_info=&#8220;{}&#8220;]<\/p>\n<p>Pot\u0159ebuje\u0161 v\u011bd\u011bt v\u00edce o nab\u00edzen\u00ed pozici?<\/p>\n<p>[\/et_pb_text][et_pb_image src=&#8220;https:\/\/www.prestar.cz\/wp-content\/uploads\/2022\/08\/Aneta-Machova.png&#8220; title_text=&#8220;Aneta Machov\u00e1&#8220; disabled_on=&#8220;on|on|on&#8220; _builder_version=&#8220;4.22.1&#8243; _module_preset=&#8220;default&#8220; max_width=&#8220;100px&#8220; disabled=&#8220;on&#8220; global_colors_info=&#8220;{}&#8220;][\/et_pb_image][et_pb_team_member name=&#8220;Aneta Machov\u00e1 &#8220; position=&#8220;HR\/Marketing Specialist at Prestar&#8220; twitter_url=&#8220;https:\/\/mobile.twitter.com\/anetamachova&#8220; linkedin_url=&#8220;https:\/\/cz.linkedin.com\/in\/aneta-machov%C3%A1?trk=pulse-article_main-author-card&#8220; disabled_on=&#8220;on|on|on&#8220; _builder_version=&#8220;4.22.1&#8243; _module_preset=&#8220;default&#8220; header_font=&#8220;|800|||||||&#8220; header_text_color=&#8220;#008C9A&#8220; header_font_size=&#8220;20px&#8220; header_line_height=&#8220;1.7em&#8220; position_line_height=&#8220;1.9em&#8220; custom_margin=&#8220;0px||||false|false&#8220; custom_padding=&#8220;0px||||false|false&#8220; border_color_right_image=&#8220;RGBA(255,255,255,0)&#8220; border_color_bottom_image=&#8220;RGBA(255,255,255,0)&#8220; border_color_left_image=&#8220;RGBA(255,255,255,0)&#8220; disabled=&#8220;on&#8220; global_colors_info=&#8220;{}&#8220;]<\/p>\n<p>&nbsp;<\/p>\n<p><a href=\"mailto:a.machova@prestar.cz\">a.machova@prestar.cz<\/a><\/p>\n<p>+420 721 253 999<\/p>\n<p>[\/et_pb_team_member][\/et_pb_column][et_pb_column type=&#8220;3_5&#8243; _builder_version=&#8220;4.18.0&#8243; _module_preset=&#8220;default&#8220; background_color=&#8220;RGBA(255,255,255,0)&#8220; custom_padding=&#8220;5%|5%|5%|5%|true|true&#8220; global_colors_info=&#8220;{}&#8220;][et_pb_text _builder_version=&#8220;4.27.6&#8243; _module_preset=&#8220;default&#8220; header_2_font=&#8220;|800|||||||&#8220; header_2_text_color=&#8220;#008C9A&#8220; header_2_font_size=&#8220;30px&#8220; header_2_line_height=&#8220;1.7em&#8220; custom_padding=&#8220;|5%||5%|false|true&#8220; global_colors_info=&#8220;{}&#8220;]<\/p>\n<h2>Na jakou pr\u00e1ci se m\u016f\u017eete t\u011b\u0161it?<\/h2>\n<ul><\/ul>\n<ul>\n<li><strong>zaji\u0161\u0165ov\u00e1n\u00ed p\u0159esn\u00e9 v\u00fdroby a mont\u00e1\u017ee na\u0161ich v\u00fdrobk\u016f<\/strong><\/li>\n<li>p\u0159\u00edpadn\u00e9 v\u00fdjezdy k z\u00e1kazn\u00edkovi, pokud bude pot\u0159eba<\/li>\n<li>spolupr\u00e1ci s ostatn\u00edmi kolegy<\/li>\n<\/ul>\n<h2>Co o\u010dek\u00e1v\u00e1me?<\/h2>\n<ul>\n<li>vst\u0159\u00edcn\u00e9 jedn\u00e1n\u00ed<\/li>\n<li>chu\u0165 pracovat<\/li>\n<li>dodr\u017eov\u00e1n\u00ed pokyn\u016f nad\u0159\u00edzen\u00e9ho<\/li>\n<li>schopnost p\u0159ijmout zodpov\u011bdnost<\/li>\n<\/ul>\n<h2>Z \u010deho m\u016f\u017eete vyb\u00edrat?<\/h2>\n<ul><\/ul>\n<ul>\n<li><strong>Z\u00e1me\u010dn\u00edk<\/strong><\/li>\n<li><strong>Sv\u00e1\u0159e\u010d<\/strong><\/li>\n<li><strong>Lak\u00fdrn\u00edk<\/strong><\/li>\n<li><strong>Obsluha CNC<\/strong><\/li>\n<\/ul>\n<h2>Co V\u00e1m Prestar nab\u00edz\u00ed?<\/h2>\n<ul>\n<li>r\u016fznorodou pr\u00e1ci pro firmu, kter\u00e1 m\u00e1 respekt k z\u00e1kazn\u00edkovi a inovac\u00edm<\/li>\n<li><strong>motiva\u010dn\u00ed p\u0159\u00edjem<\/strong><span>\u00a0<\/span>a mo\u017enost kariern\u00edho r\u016fstu<\/li>\n<li><strong>25 dn\u00ed dovolen\u00e9, firemn\u00ed akce, \u0161kolen\u00ed a dal\u0161\u00ed zaj\u00edmav\u00e9 benefity<\/strong><\/li>\n<li>kolektiv skv\u011bl\u00fdch lid\u00ed, vst\u0159\u00edcn\u00e9 a f\u00e9rov\u00e9 jedn\u00e1n\u00ed<\/li>\n<li>mo\u017enost sd\u00edlet sv\u00e9 zku\u0161enosti a n\u00e1pady s dal\u0161\u00edmi kolegy<\/li>\n<\/ul>\n<h2>A co pen\u00edze?<\/h2>\n<ul>\n<li>ano, jsou d\u016fle\u017eit\u00e9, a my si to uv\u011bdomujeme<\/li>\n<li>startovn\u00ed \u010d\u00e1stka se pohybuje od<span>\u00a0<\/span><strong>150,- K\u010d\/h<\/strong><\/li>\n<li><strong>Chcete v\u00edc? p\u0159esv\u011bd\u010dte n\u00e1s, \u017ee na to m\u00e1te<\/strong><\/li>\n<\/ul>\n<p>[\/et_pb_text][et_pb_text _builder_version=&#8220;4.27.6&#8243; _module_preset=&#8220;default&#8220; header_2_font=&#8220;|800|||||||&#8220; header_2_text_color=&#8220;#008C9A&#8220; header_2_line_height=&#8220;1.7em&#8220; header_3_font=&#8220;|800|||||||&#8220; header_3_text_color=&#8220;#008C9A&#8220; header_3_line_height=&#8220;1.9em&#8220; background_color=&#8220;rgba(0,140,154,0.09)&#8220; custom_margin=&#8220;10%||||false|false&#8220; custom_padding=&#8220;5%|5%|5%|5%|true|true&#8220; border_radii=&#8220;on|15px|15px|15px|15px&#8220; global_colors_info=&#8220;{}&#8220;]<\/p>\n<h2>Je to pr\u00e1ce, kter\u00e1 se V\u00e1m l\u00edb\u00ed?<\/h2>\n<p>M\u016f\u017ee to b\u00fdt mal\u00fd klik pro \u010dlov\u011bka, ale velk\u00fd skok pro va\u0161i kari\u00e9ru.<br \/>Tak nezapome\u0148te napsat p\u00e1r slov o sob\u011b a hlavn\u011b p\u0159ipojit va\u0161e CV.<\/p>\n<p>Napi\u0161te n\u00e1m.<\/p>\n<p>&nbsp;<\/p>\n<h3><a href=\"mailto:kariera@prestar.cz\">kariera@prestar.cz<\/a><\/h3>\n<ul><\/ul>\n<p>[\/et_pb_text][\/et_pb_column][\/et_pb_row][\/et_pb_section][et_pb_section fb_built=&#8220;1&#8243; inner_shadow=&#8220;on&#8220; admin_label=&#8220;Popup &#8211; #elektrikar&#8220; module_id=&#8220;elektrikar&#8220; module_class=&#8220;popup&#8220; _builder_version=&#8220;4.18.0&#8243; _module_preset=&#8220;default&#8220; background_color=&#8220;rgba(255,255,255,0.91)&#8220; max_width=&#8220;1300px&#8220; custom_margin=&#8220;||||false|false&#8220; custom_padding=&#8220;0px||0px||false|false&#8220; da_is_popup=&#8220;on&#8220; da_popup_slug=&#8220;elektrikar&#8220; da_disable_devices=&#8220;off|off|off&#8220; border_radii=&#8220;on|30px|30px|30px|30px&#8220; box_shadow_style=&#8220;preset6&#8243; box_shadow_spread=&#8220;-80px&#8220; global_colors_info=&#8220;{}&#8220; da_exit_intent=&#8220;off&#8220; da_has_close=&#8220;on&#8220; da_alt_close=&#8220;off&#8220; da_dark_close=&#8220;off&#8220; da_not_modal=&#8220;on&#8220; da_is_singular=&#8220;off&#8220; da_with_loader=&#8220;off&#8220; da_has_shadow=&#8220;on&#8220;][et_pb_row column_structure=&#8220;2_5,3_5&#8243; use_custom_gutter=&#8220;on&#8220; gutter_width=&#8220;1&#8243; _builder_version=&#8220;4.18.0&#8243; _module_preset=&#8220;default&#8220; width=&#8220;100%&#8220; max_width=&#8220;1300px&#8220; custom_margin=&#8220;0px||0px||false|false&#8220; global_colors_info=&#8220;{}&#8220;][et_pb_column type=&#8220;2_5&#8243; _builder_version=&#8220;4.18.0&#8243; _module_preset=&#8220;default&#8220; background_color=&#8220;RGBA(255,255,255,0)&#8220; custom_padding=&#8220;5%|5%|5%|5%|true|true&#8220; sticky_position=&#8220;top&#8220; sticky_limit_bottom=&#8220;row&#8220; global_colors_info=&#8220;{}&#8220;][et_pb_text _builder_version=&#8220;4.18.0&#8243; _module_preset=&#8220;default&#8220; header_font=&#8220;|800|||||||&#8220; header_text_color=&#8220;#008C9A&#8220; header_font_size=&#8220;2vw&#8220; header_3_text_color=&#8220;#008C9A&#8220; global_colors_info=&#8220;{}&#8220;]<\/p>\n<h3>Voln\u00e1 pozice<\/h3>\n<h1>Elektrik\u00e1\u0159<\/h1>\n<p>[\/et_pb_text][et_pb_text disabled_on=&#8220;on|on|on&#8220; _builder_version=&#8220;4.22.1&#8243; _module_preset=&#8220;default&#8220; custom_margin=&#8220;5%||5%||true|false&#8220; disabled=&#8220;on&#8220; global_colors_info=&#8220;{}&#8220;]<\/p>\n<p>Pot\u0159ebuje\u0161 v\u011bd\u011bt v\u00edce o nab\u00edzen\u00ed pozici?<\/p>\n<p>[\/et_pb_text][et_pb_image src=&#8220;https:\/\/www.prestar.cz\/wp-content\/uploads\/2022\/08\/Aneta-Machova.png&#8220; title_text=&#8220;Aneta Machov\u00e1&#8220; disabled_on=&#8220;on|on|on&#8220; _builder_version=&#8220;4.22.1&#8243; _module_preset=&#8220;default&#8220; max_width=&#8220;100px&#8220; disabled=&#8220;on&#8220; global_colors_info=&#8220;{}&#8220;][\/et_pb_image][et_pb_team_member name=&#8220;Aneta Machov\u00e1 &#8220; position=&#8220;HR\/Marketing Specialist at Prestar&#8220; twitter_url=&#8220;https:\/\/mobile.twitter.com\/anetamachova&#8220; linkedin_url=&#8220;https:\/\/cz.linkedin.com\/in\/aneta-machov%C3%A1?trk=pulse-article_main-author-card&#8220; disabled_on=&#8220;on|on|on&#8220; _builder_version=&#8220;4.22.1&#8243; _module_preset=&#8220;default&#8220; header_font=&#8220;|800|||||||&#8220; header_text_color=&#8220;#008C9A&#8220; header_font_size=&#8220;20px&#8220; header_line_height=&#8220;1.7em&#8220; position_line_height=&#8220;1.9em&#8220; custom_margin=&#8220;0px||||false|false&#8220; custom_padding=&#8220;0px||||false|false&#8220; border_color_right_image=&#8220;RGBA(255,255,255,0)&#8220; border_color_bottom_image=&#8220;RGBA(255,255,255,0)&#8220; border_color_left_image=&#8220;RGBA(255,255,255,0)&#8220; disabled=&#8220;on&#8220; global_colors_info=&#8220;{}&#8220;]<\/p>\n<p>&nbsp;<\/p>\n<p><a href=\"mailto:a.machova@prestar.cz\">a.machova@prestar.cz<\/a><\/p>\n<p>+420 721 253 999<\/p>\n<p>[\/et_pb_team_member][\/et_pb_column][et_pb_column type=&#8220;3_5&#8243; _builder_version=&#8220;4.18.0&#8243; _module_preset=&#8220;default&#8220; background_color=&#8220;RGBA(255,255,255,0)&#8220; custom_padding=&#8220;5%|5%|5%|5%|true|true&#8220; global_colors_info=&#8220;{}&#8220;][et_pb_text _builder_version=&#8220;4.27.6&#8243; _module_preset=&#8220;default&#8220; header_2_font=&#8220;|800|||||||&#8220; header_2_text_color=&#8220;#008C9A&#8220; header_2_font_size=&#8220;30px&#8220; header_2_line_height=&#8220;1.7em&#8220; custom_padding=&#8220;|5%||5%|false|true&#8220; global_colors_info=&#8220;{}&#8220;]<\/p>\n<h2>Na jakou pr\u00e1ci se m\u016f\u017ee\u0161 t\u011b\u0161it?<\/h2>\n<ul>\n<li><strong>zaji\u0161\u0165ov\u00e1n\u00ed p\u0159esn\u00e9 v\u00fdroby a mont\u00e1\u017ee na\u0161ich v\u00fdrobk\u016f v oblasti elektro<\/strong><\/li>\n<li>p\u0159\u00edpadn\u00e9 v\u00fdjezdy k z\u00e1kazn\u00edkovi, pokud bude pot\u0159eba<\/li>\n<li>spolupr\u00e1ci s ostatn\u00edmi kolegy<\/li>\n<\/ul>\n<h2>Jak tuto pr\u00e1ci z\u00edsk\u00e1te?<\/h2>\n<ul>\n<li>vst\u0159\u00edcn\u00e9 jedn\u00e1n\u00ed<\/li>\n<li><strong>zkou\u0161ky z vyhl.50 \u00a7 6<\/strong><\/li>\n<li>chu\u0165 pracovat<\/li>\n<li>dodr\u017eov\u00e1n\u00ed pokyn\u016f nad\u0159\u00edzen\u00e9ho<\/li>\n<li>schopnost p\u0159ijmout zodpov\u011bdnost<\/li>\n<\/ul>\n<h2>Co V\u00e1m Prestar nab\u00edz\u00ed?<\/h2>\n<ul>\n<li>r\u016fznorodou pr\u00e1ci pro firmu, kter\u00e1 m\u00e1 respekt k z\u00e1kazn\u00edkovi a inovac\u00edm<\/li>\n<li><strong>motiva\u010dn\u00ed p\u0159\u00edjem<\/strong><span>\u00a0<\/span>a mo\u017enost kariern\u00edho r\u016fstu<\/li>\n<li><strong>25 dn\u00ed dovolen\u00e9, firemn\u00ed akce, \u0161kolen\u00ed a dal\u0161\u00ed zaj\u00edmav\u00e9 benefity<\/strong><\/li>\n<li>kolektiv skv\u011bl\u00fdch lid\u00ed, vst\u0159\u00edcn\u00e9 a f\u00e9rov\u00e9 jedn\u00e1n\u00ed<\/li>\n<li>mo\u017enost sd\u00edlet sv\u00e9 zku\u0161enosti a n\u00e1pady s dal\u0161\u00edmi kolegy<\/li>\n<\/ul>\n<h2>A co pen\u00edze?<\/h2>\n<ul>\n<li>ano, jsou d\u016fle\u017eit\u00e9, a my si to uv\u011bdomujeme<\/li>\n<li>startovn\u00ed \u010d\u00e1stka se pohybuje od<span>\u00a0<\/span><strong>160,- K\u010d\/h<\/strong><\/li>\n<li><strong>Chcete v\u00edc? p\u0159esv\u011bd\u010dte n\u00e1s, \u017ee na to m\u00e1te<\/strong><\/li>\n<\/ul>\n<p>[\/et_pb_text][et_pb_text _builder_version=&#8220;4.27.6&#8243; _module_preset=&#8220;default&#8220; header_2_font=&#8220;|800|||||||&#8220; header_2_text_color=&#8220;#008C9A&#8220; header_2_line_height=&#8220;1.7em&#8220; header_3_font=&#8220;|800|||||||&#8220; header_3_text_color=&#8220;#008C9A&#8220; header_3_line_height=&#8220;1.9em&#8220; background_color=&#8220;rgba(0,140,154,0.09)&#8220; custom_margin=&#8220;10%||||false|false&#8220; custom_padding=&#8220;5%|5%|5%|5%|true|true&#8220; border_radii=&#8220;on|15px|15px|15px|15px&#8220; global_colors_info=&#8220;{}&#8220;]<\/p>\n<h2>Je to pr\u00e1ce, kter\u00e1 se V\u00e1m l\u00edb\u00ed?<\/h2>\n<p>M\u016f\u017ee to b\u00fdt mal\u00fd klik pro \u010dlov\u011bka, ale velk\u00fd skok pro va\u0161i kari\u00e9ru.<br \/>Tak nezapome\u0148te napsat p\u00e1r slov o sob\u011b a hlavn\u011b p\u0159ipojit va\u0161e CV.<\/p>\n<p>Napi\u0161te n\u00e1m.<\/p>\n<p>&nbsp;<\/p>\n<h3><a href=\"mailto:kariera@prestar.cz\">kariera@prestar.cz<\/a><\/h3>\n<ul><\/ul>\n<p>[\/et_pb_text][\/et_pb_column][\/et_pb_row][\/et_pb_section][et_pb_section fb_built=&#8220;1&#8243; inner_shadow=&#8220;on&#8220; admin_label=&#8220;Popup &#8211; #itmanager&#8220; module_id=&#8220;itmanager&#8220; module_class=&#8220;popup&#8220; _builder_version=&#8220;4.27.6&#8243; _module_preset=&#8220;default&#8220; background_color=&#8220;rgba(255,255,255,0.91)&#8220; max_width=&#8220;1300px&#8220; custom_margin=&#8220;||||false|false&#8220; custom_padding=&#8220;0px||0px||false|false&#8220; da_is_popup=&#8220;on&#8220; da_popup_slug=&#8220;itmanager&#8220; da_disable_devices=&#8220;off|off|off&#8220; border_radii=&#8220;on|30px|30px|30px|30px&#8220; box_shadow_style=&#8220;preset6&#8243; box_shadow_spread=&#8220;-80px&#8220; global_colors_info=&#8220;{}&#8220; da_exit_intent=&#8220;off&#8220; da_has_close=&#8220;on&#8220; da_alt_close=&#8220;off&#8220; da_dark_close=&#8220;off&#8220; da_not_modal=&#8220;on&#8220; da_is_singular=&#8220;off&#8220; da_with_loader=&#8220;off&#8220; da_has_shadow=&#8220;on&#8220;][et_pb_row column_structure=&#8220;2_5,3_5&#8243; use_custom_gutter=&#8220;on&#8220; gutter_width=&#8220;1&#8243; _builder_version=&#8220;4.18.0&#8243; _module_preset=&#8220;default&#8220; width=&#8220;100%&#8220; max_width=&#8220;1300px&#8220; custom_margin=&#8220;0px||0px||false|false&#8220; global_colors_info=&#8220;{}&#8220;][et_pb_column type=&#8220;2_5&#8243; _builder_version=&#8220;4.18.0&#8243; _module_preset=&#8220;default&#8220; background_color=&#8220;RGBA(255,255,255,0)&#8220; custom_padding=&#8220;5%|5%|5%|5%|true|true&#8220; sticky_position=&#8220;top&#8220; sticky_limit_bottom=&#8220;row&#8220; global_colors_info=&#8220;{}&#8220;][et_pb_text _builder_version=&#8220;4.18.0&#8243; _module_preset=&#8220;default&#8220; header_font=&#8220;|800|||||||&#8220; header_text_color=&#8220;#008C9A&#8220; header_font_size=&#8220;2vw&#8220; header_3_text_color=&#8220;#008C9A&#8220; global_colors_info=&#8220;{}&#8220;]<\/p>\n<h3>Voln\u00e1 pozice<\/h3>\n<h1>Senior IT Specialista<\/h1>\n<p>[\/et_pb_text][\/et_pb_column][et_pb_column type=&#8220;3_5&#8243; _builder_version=&#8220;4.18.0&#8243; _module_preset=&#8220;default&#8220; background_color=&#8220;RGBA(255,255,255,0)&#8220; custom_padding=&#8220;5%|5%|5%|5%|true|true&#8220; global_colors_info=&#8220;{}&#8220;][et_pb_text _builder_version=&#8220;4.27.6&#8243; _module_preset=&#8220;default&#8220; header_2_font=&#8220;|800|||||||&#8220; header_2_text_color=&#8220;#008C9A&#8220; header_2_font_size=&#8220;30px&#8220; header_2_line_height=&#8220;1.7em&#8220; custom_padding=&#8220;|5%||5%|false|true&#8220; global_colors_info=&#8220;{}&#8220;]<\/p>\n<h2>N\u00e1pl\u0148 pr\u00e1ce<\/h2>\n<ul>\n<li><strong>Kompletn\u00ed odpov\u011bdnost za IT infrastrukturu <\/strong>(on-prem \/ cloud \/ hybrid)<\/li>\n<li>Spr\u00e1va server\u016f, virtualizace, storage a z\u00e1lohov\u00e1n\u00ed<\/li>\n<li>Spr\u00e1va Microsoft prost\u0159ed\u00ed (AD, Microsoft 365, Intune)<\/li>\n<li>Spr\u00e1va s\u00ed\u0165ov\u00e9 infrastruktury a firewall\u016f (<strong>Fortinet<\/strong>)<\/li>\n<li>Odpov\u011bdnost za IT bezpe\u010dnost a \u0159e\u0161en\u00ed incident\u016f<\/li>\n<li>Spr\u00e1va a rozvoj ERP syst\u00e9mu (<strong>IFS Cloud<\/strong>)<\/li>\n<li>Spolupr\u00e1ce s dodavateli a \u0159\u00edzen\u00ed IT projekt\u016f<\/li>\n<li>Podpora u\u017eivatel\u016f (operativa je sou\u010d\u00e1st\u00ed role)<\/li>\n<\/ul>\n<h2>Po\u017eadavky<\/h2>\n<ul>\n<li>Seniorn\u00ed zku\u0161enost v IT (ide\u00e1ln\u011b samostatn\u00e1 spr\u00e1va prost\u0159ed\u00ed)<\/li>\n<li>Znalost Windows Server, virtualizace a s\u00edt\u00ed<\/li>\n<li>Zku\u0161enost s Microsoft 365 \/ cloudem<\/li>\n<li>Schopnost samostatn\u00e9ho rozhodov\u00e1n\u00ed<\/li>\n<li>P\u0159ehled v IT bezpe\u010dnosti<\/li>\n<li>Znalost <strong>Veeam Backup &amp; Replication<\/strong> nebo jin\u00e9ho z\u00e1lohovac\u00edho \u0159e\u0161en\u00ed<\/li>\n<\/ul>\n<h2>V\u00fdhodou<\/h2>\n<ul>\n<li>Znalost ERP syst\u00e9m\u016f<\/li>\n<li>Automatizace (PowerShell, scripting)<\/li>\n<\/ul>\n<h2>Co nab\u00edz\u00edme<\/h2>\n<ul>\n<li>R\u016fznorodou a samostatnou pr\u00e1ci<\/li>\n<li>Mo\u017enost ovlivnit IT sm\u011b\u0159ov\u00e1n\u00ed<\/li>\n<li><strong>\u041cotiva\u010dn\u00ed p\u0159\u00edjem<\/strong><span>\u00a0<\/span>a mo\u017enost kariern\u00edho r\u016fstu<\/li>\n<li>Slu\u017eebn\u00ed PC, \u043cobil<\/li>\n<li>Stabiln\u00ed prost\u0159ed\u00ed<\/li>\n<li>P\u0159\u00edsp\u011bvek na stravu, \u043a\u00e1va na pracovi\u0161ti<\/li>\n<li>Penzijn\u00ed p\u0159ipoji\u0161t\u011bn\u00ed<\/li>\n<li><strong>25 dn\u00ed dovolen\u00e9, firemn\u00ed akce, \u0161kolen\u00ed a dal\u0161\u00ed zaj\u00edmav\u00e9 benefity<\/strong><\/li>\n<\/ul>\n<p>[\/et_pb_text][et_pb_text _builder_version=&#8220;4.27.6&#8243; _module_preset=&#8220;default&#8220; header_2_font=&#8220;|800|||||||&#8220; header_2_text_color=&#8220;#008C9A&#8220; header_2_line_height=&#8220;1.7em&#8220; header_3_font=&#8220;|800|||||||&#8220; header_3_text_color=&#8220;#008C9A&#8220; header_3_line_height=&#8220;1.9em&#8220; background_color=&#8220;rgba(0,140,154,0.09)&#8220; custom_margin=&#8220;10%||||false|false&#8220; custom_padding=&#8220;5%|5%|5%|5%|true|true&#8220; border_radii=&#8220;on|15px|15px|15px|15px&#8220; global_colors_info=&#8220;{}&#8220;]<\/p>\n<h2>Je to pr\u00e1ce, kter\u00e1 se V\u00e1m l\u00edb\u00ed?<\/h2>\n<p>M\u016f\u017ee to b\u00fdt mal\u00fd klik pro \u010dlov\u011bka, ale velk\u00fd skok pro va\u0161i kari\u00e9ru.<br \/>Tak nezapome\u0148te napsat p\u00e1r slov o sob\u011b a hlavn\u011b p\u0159ipojit va\u0161e CV.<\/p>\n<p>Napi\u0161te n\u00e1m.<\/p>\n<p>&nbsp;<\/p>\n<h3><a href=\"mailto:kariera@prestar.cz\">kariera@prestar.cz<\/a><\/h3>\n<ul><\/ul>\n<p>[\/et_pb_text][\/et_pb_column][\/et_pb_row][\/et_pb_section][et_pb_section fb_built=&#8220;1&#8243; inner_shadow=&#8220;on&#8220; admin_label=&#8220;Popup &#8211; #itadmin&#8220; module_id=&#8220;itadmin&#8220; module_class=&#8220;popup&#8220; _builder_version=&#8220;4.27.6&#8243; _module_preset=&#8220;default&#8220; background_color=&#8220;rgba(255,255,255,0.91)&#8220; max_width=&#8220;1300px&#8220; custom_margin=&#8220;||||false|false&#8220; custom_padding=&#8220;0px||0px||false|false&#8220; da_is_popup=&#8220;on&#8220; da_popup_slug=&#8220;itadmin&#8220; da_disable_devices=&#8220;off|off|off&#8220; border_radii=&#8220;on|30px|30px|30px|30px&#8220; box_shadow_style=&#8220;preset6&#8243; box_shadow_spread=&#8220;-80px&#8220; global_colors_info=&#8220;{}&#8220; da_exit_intent=&#8220;off&#8220; da_has_close=&#8220;on&#8220; da_alt_close=&#8220;off&#8220; da_dark_close=&#8220;off&#8220; da_not_modal=&#8220;on&#8220; da_is_singular=&#8220;off&#8220; da_with_loader=&#8220;off&#8220; da_has_shadow=&#8220;on&#8220;][et_pb_row column_structure=&#8220;2_5,3_5&#8243; use_custom_gutter=&#8220;on&#8220; gutter_width=&#8220;1&#8243; _builder_version=&#8220;4.18.0&#8243; _module_preset=&#8220;default&#8220; width=&#8220;100%&#8220; max_width=&#8220;1300px&#8220; custom_margin=&#8220;0px||0px||false|false&#8220; global_colors_info=&#8220;{}&#8220;][et_pb_column type=&#8220;2_5&#8243; _builder_version=&#8220;4.18.0&#8243; _module_preset=&#8220;default&#8220; background_color=&#8220;RGBA(255,255,255,0)&#8220; custom_padding=&#8220;5%|5%|5%|5%|true|true&#8220; sticky_position=&#8220;top&#8220; sticky_limit_bottom=&#8220;row&#8220; global_colors_info=&#8220;{}&#8220;][et_pb_text _builder_version=&#8220;4.27.6&#8243; _module_preset=&#8220;default&#8220; header_font=&#8220;|800|||||||&#8220; header_text_color=&#8220;#008C9A&#8220; header_font_size=&#8220;2vw&#8220; header_3_text_color=&#8220;#008C9A&#8220; global_colors_info=&#8220;{}&#8220;]<\/p>\n<h3>Voln\u00e1 pozice<\/h3>\n<h1>IT Specialista<\/h1>\n<p>[\/et_pb_text][\/et_pb_column][et_pb_column type=&#8220;3_5&#8243; _builder_version=&#8220;4.18.0&#8243; _module_preset=&#8220;default&#8220; background_color=&#8220;RGBA(255,255,255,0)&#8220; custom_padding=&#8220;5%|5%|5%|5%|true|true&#8220; global_colors_info=&#8220;{}&#8220;][et_pb_text _builder_version=&#8220;4.27.6&#8243; _module_preset=&#8220;default&#8220; header_2_font=&#8220;|800|||||||&#8220; header_2_text_color=&#8220;#008C9A&#8220; header_2_font_size=&#8220;30px&#8220; header_2_line_height=&#8220;1.7em&#8220; custom_padding=&#8220;|5%||5%|false|true&#8220; global_colors_info=&#8220;{}&#8220;]<\/p>\n<h2>N\u00e1pl\u0148 pr\u00e1ce<\/h2>\n<ul>\n<li>Spr\u00e1va Windows server\u016f (Active Directory, GPO, DNS)<\/li>\n<li>Spr\u00e1va u\u017eivatelsk\u00fdch \u00fa\u010dt\u016f a za\u0159\u00edzen\u00ed<\/li>\n<li>Podpora u\u017eivatel\u016f (HW\/SW, Office, p\u0159\u00edstupy)<\/li>\n<li>Spr\u00e1va Microsoft 365 (Exchange Online, Teams, SharePoint)<\/li>\n<li>Z\u00e1kladn\u00ed spr\u00e1va s\u00edt\u00ed (LAN, VPN, Wi-Fi)<\/li>\n<li>Spr\u00e1va virtualizace (Hyper-V \u2013 v\u00fdhodou)<\/li>\n<li>Z\u00e1lohov\u00e1n\u00ed a obnova dat (<strong>Veeam Backup &amp; Replication<\/strong>)<\/li>\n<\/ul>\n<h2>Po\u017eadavky<\/h2>\n<ul>\n<li>Praxe na obdobn\u00e9 pozici<\/li>\n<li>Znalost Windows Server a Active Directory<\/li>\n<li>Z\u00e1kladn\u00ed orientace v s\u00edt\u00edch (TCP\/IP, DNS)<\/li>\n<li>Zku\u0161enost s Microsoft 365<\/li>\n<li>Samostatnost a schopnost \u0159e\u0161it probl\u00e9my<\/li>\n<\/ul>\n<h2>V\u00fdhodou<\/h2>\n<ul>\n<li>Zku\u0161enost s virtualizac\u00ed (Hyper-V \/ VMware)<\/li>\n<li>Znalost firewall\u016f (nap\u0159. <strong>Fortinet<\/strong>)<\/li>\n<li>PowerShell \/ automatizace<\/li>\n<\/ul>\n<h2>Realita pozice<\/h2>\n<ul>\n<li>Denn\u00ed operativa + technick\u00e9 \u0159e\u0161en\u00ed probl\u00e9m\u016f<\/li>\n<li>\u0160irok\u00fd z\u00e1b\u011br (u\u017eivatel\u00e9, servery, s\u00ed\u0165)<\/li>\n<li>Rychl\u00e9 reakce na vznikl\u00e9 probl\u00e9my<strong><\/strong><\/li>\n<\/ul>\n<h2>Co nab\u00edz\u00edme<\/h2>\n<ul>\n<li>R\u016fznorodou a samostatnou pr\u00e1ci<\/li>\n<li>Mo\u017enost ovlivnit IT sm\u011b\u0159ov\u00e1n\u00ed<\/li>\n<li><strong>\u041cotiva\u010dn\u00ed p\u0159\u00edjem<\/strong><span>\u00a0<\/span>a mo\u017enost kariern\u00edho r\u016fstu<\/li>\n<li>Slu\u017eebn\u00ed PC, \u043cobil<\/li>\n<li>Stabiln\u00ed prost\u0159ed\u00ed<\/li>\n<li>P\u0159\u00edsp\u011bvek na stravu, \u043a\u00e1va na pracovi\u0161ti<\/li>\n<li>Penzijn\u00ed p\u0159ipoji\u0161t\u011bn\u00ed<\/li>\n<li><strong>25 dn\u00ed dovolen\u00e9, firemn\u00ed akce, \u0161kolen\u00ed a dal\u0161\u00ed zaj\u00edmav\u00e9 benefity<\/strong><\/li>\n<\/ul>\n<p>[\/et_pb_text][et_pb_text _builder_version=&#8220;4.27.6&#8243; _module_preset=&#8220;default&#8220; header_2_font=&#8220;|800|||||||&#8220; header_2_text_color=&#8220;#008C9A&#8220; header_2_line_height=&#8220;1.7em&#8220; header_3_font=&#8220;|800|||||||&#8220; header_3_text_color=&#8220;#008C9A&#8220; header_3_line_height=&#8220;1.9em&#8220; background_color=&#8220;rgba(0,140,154,0.09)&#8220; custom_margin=&#8220;10%||||false|false&#8220; custom_padding=&#8220;5%|5%|5%|5%|true|true&#8220; border_radii=&#8220;on|15px|15px|15px|15px&#8220; global_colors_info=&#8220;{}&#8220;]<\/p>\n<h2>Je to pr\u00e1ce, kter\u00e1 se V\u00e1m l\u00edb\u00ed?<\/h2>\n<p>M\u016f\u017ee to b\u00fdt mal\u00fd klik pro \u010dlov\u011bka, ale velk\u00fd skok pro va\u0161i kari\u00e9ru.<br \/>Tak nezapome\u0148te napsat p\u00e1r slov o sob\u011b a hlavn\u011b p\u0159ipojit va\u0161e CV.<\/p>\n<p>Napi\u0161te n\u00e1m.<\/p>\n<p>&nbsp;<\/p>\n<h3><a href=\"mailto:kariera@prestar.cz\">kariera@prestar.cz<\/a><\/h3>\n<ul><\/ul>\n<p>[\/et_pb_text][\/et_pb_column][\/et_pb_row][\/et_pb_section][et_pb_section fb_built=&#8220;1&#8243; custom_padding_last_edited=&#8220;on|desktop&#8220; admin_label=&#8220;Section&#8220; module_id=&#8220;obchod&#8220; _builder_version=&#8220;4.18.0&#8243; _module_preset=&#8220;default&#8220; background_color=&#8220;rgba(0,140,154,0.09)&#8220; custom_margin=&#8220;||||false|false&#8220; custom_padding=&#8220;0px|6%|3%|6%|false|true&#8220; custom_padding_tablet=&#8220;0px|6%|3%|6%|false|true&#8220; custom_padding_phone=&#8220;0px|0%|3%|0%|false|true&#8220; da_popup_slug=&#8220;obchod&#8220; da_disable_devices=&#8220;off|off|off&#8220; global_colors_info=&#8220;{}&#8220; da_is_popup=&#8220;off&#8220; da_exit_intent=&#8220;off&#8220; da_has_close=&#8220;on&#8220; da_alt_close=&#8220;off&#8220; da_dark_close=&#8220;off&#8220; da_not_modal=&#8220;on&#8220; da_is_singular=&#8220;off&#8220; da_with_loader=&#8220;off&#8220; da_has_shadow=&#8220;on&#8220;][et_pb_row _builder_version=&#8220;4.17.6&#8243; _module_preset=&#8220;default&#8220; width=&#8220;95%&#8220; custom_margin=&#8220;0px||||false|false&#8220; global_colors_info=&#8220;{}&#8220;][et_pb_column type=&#8220;4_4&#8243; _builder_version=&#8220;4.17.6&#8243; _module_preset=&#8220;default&#8220; custom_padding=&#8220;|5%||5%|false|true&#8220; global_colors_info=&#8220;{}&#8220;][et_pb_text _builder_version=&#8220;4.18.0&#8243; _module_preset=&#8220;default&#8220; header_font=&#8220;|800|||||||&#8220; header_text_color=&#8220;#005E68&#8243; header_font_size=&#8220;60px&#8220; header_line_height=&#8220;1.5em&#8220; header_2_text_color=&#8220;#000000&#8243; header_2_font_size=&#8220;20px&#8220; header_2_line_height=&#8220;1.7em&#8220; max_width=&#8220;800px&#8220; custom_margin=&#8220;||0%||false|false&#8220; header_font_size_tablet=&#8220;60px&#8220; header_font_size_phone=&#8220;30px&#8220; header_font_size_last_edited=&#8220;on|phone&#8220; global_colors_info=&#8220;{}&#8220;]<\/p>\n<h1>Nech se objevit<\/h1>\n<h2>Pokud zrovna nehled\u00e1me pozici, kterou by sis p\u0159edstavoval\/a, ozvi se i na pozici, kterou moment\u00e1ln\u011b nehled\u00e1me. Sta\u010d\u00ed napsat, nebo zavolat a my si s Tebou p\u0159\u00edpadn\u011b domluv\u00edme sch\u016fzku. Budoucnost m\u00e1\u0161 ve sv\u00fdch rukou!<\/h2>\n<p>[\/et_pb_text][\/et_pb_column][\/et_pb_row][\/et_pb_section]<\/p>\n","protected":false},"excerpt":{"rendered":"<p>Careers; Prestar; new jobs; work; manufacturing positions; electrician; welder; locksmith; CNC operator; painter; locksmith fitter; money; future; contact; <\/p>","protected":false},"author":1,"featured_media":0,"parent":0,"menu_order":0,"comment_status":"closed","ping_status":"closed","template":"","meta":{"_et_pb_use_builder":"on","_et_pb_old_content":"","_et_gb_content_width":"","inline_featured_image":false,"footnotes":""},"dipi_cpt_category":[],"class_list":["post-338714","page","type-page","status-publish","hentry"],"_links":{"self":[{"href":"https:\/\/www.prestar.cz\/en\/wp-json\/wp\/v2\/pages\/338714","targetHints":{"allow":["GET"]}}],"collection":[{"href":"https:\/\/www.prestar.cz\/en\/wp-json\/wp\/v2\/pages"}],"about":[{"href":"https:\/\/www.prestar.cz\/en\/wp-json\/wp\/v2\/types\/page"}],"author":[{"embeddable":true,"href":"https:\/\/www.prestar.cz\/en\/wp-json\/wp\/v2\/users\/1"}],"replies":[{"embeddable":true,"href":"https:\/\/www.prestar.cz\/en\/wp-json\/wp\/v2\/comments?post=338714"}],"version-history":[{"count":55,"href":"https:\/\/www.prestar.cz\/en\/wp-json\/wp\/v2\/pages\/338714\/revisions"}],"predecessor-version":[{"id":352983,"href":"https:\/\/www.prestar.cz\/en\/wp-json\/wp\/v2\/pages\/338714\/revisions\/352983"}],"wp:attachment":[{"href":"https:\/\/www.prestar.cz\/en\/wp-json\/wp\/v2\/media?parent=338714"}],"wp:term":[{"taxonomy":"dipi_cpt_category","embeddable":true,"href":"https:\/\/www.prestar.cz\/en\/wp-json\/wp\/v2\/dipi_cpt_category?post=338714"}],"curies":[{"name":"wp","href":"https:\/\/api.w.org\/{rel}","templated":true}]}}